{"id":7122,"date":"2022-08-01T09:43:23","date_gmt":"2022-08-01T09:43:23","guid":{"rendered":"https:\/\/flexoffice.swiss\/?page_id=7122"},"modified":"2026-04-02T06:38:47","modified_gmt":"2026-04-02T06:38:47","slug":"abonnements","status":"publish","type":"page","link":"https:\/\/flexoffice.swiss\/fr\/abonnements\/","title":{"rendered":"Abonnements"},"content":{"rendered":"\n      <div id=\"block_71d839900d0533cf7000eb2dc6bf1716\" class=\"block-membership  l-block\" >\n  \n  \n    <div class=\"membership-hero bg_primary-lighter\">\n        <div class=\"container\">\n            <div class=\"row align-items-center\">\n                <div class=\"col-md-8 col-lg-7\">\n\n                    <span class=\"mb-2 h3 d-block\">Flexible et professionnel, c&rsquo;est possible! <\/span><h1>D\u00e9couvre le lieu de travail du futur: FlexOffice Workspace pour toi<\/h1>\n<\/div><div class=\"col-md-12\"><div class=\"box-content mt-5\"><div class=\"bg_blue\"><span>11<\/span><em>emplacements, et ce <br> n\u2019est que le d\u00e9but<\/em><\/div><div class=\"bg_brown-dark\"><span>100<span>+<\/span><\/span><em class=\"text-white\">salles de r\u00e9union <br> en Suisse<\/em><\/div><div class=\"bg_orange\"><span>2200<span>+<\/span><\/span><em>membres satisfaits              <\/em><\/div><\/div>                <\/div>\n            <\/div>\n        <\/div>\n    <\/div>\n\n    <\/div>\n\n\n      <div id=\"block_53e99345c20f9112759cd7e3462773f4\" class=\"block-hero  l-block\" >\n  \n      <div class=\"flex-team alt space bg_primary-light\">\n\t\t<div class=\"container\">\n\t\t\t<div class=\"row align-items-end mb-5\">\n\t\t\t\t<div class=\"col-md-8 col-lg-8\">\n                    \t\t\t\t<\/div>\n\n\t\t\t\t<div class=\"col-md-4 col-lg-4 text-md-end mt-4 mt-md-0\">\n                    <a href=\"#book-tour\" class=\"cta-btn\" target=\"\">Planifier une visite<\/a>\t\t\t\t<\/div>\n\t\t\t<\/div>\n            \n                        \n    \t\t\t<div class=\"container d-sm-none\">\n    \t\t\t\t<div class=\"locations-carousel\">\n                        \n                                                \n        \t\t\t\t\t<div class=\"slide\">\n                            \n                                        \t\t\t\t\t\t\n        \t\t\t\t\t\t\t<div class=\"team-item\">\n        \t\t\t\t\t\t\t\t<img decoding=\"async\" src=\"https:\/\/flexoffice.swiss\/wp-content\/uploads\/2022\/08\/flex-solo.jpeg\" alt=\"\" \/>                                            \n<a href=\"https:\/\/flexoffice.swiss\/fr\/abonnements\/flex-solo\/\">\n\t\t\t\t\t\t\t\t\t\t\t<h3>Flex <em>Solo<\/em><\/h3>\t\n<\/a>\n\t\t\t\t\t\t\t\t\t\t\n\t\t\t\t\t\t\t\t\t\t\t<p>Poste de travail individuel<\/p>\n        \t\t\t\t\t\t\t<\/div>\n        \t\t\t\t\t\t            \t\t\t\t\t<\/div>\n                            \n                                                \n        \t\t\t\t\t<div class=\"slide\">\n                            \n                                        \t\t\t\t\t\t\n        \t\t\t\t\t\t\t<div class=\"team-item\">\n        \t\t\t\t\t\t\t\t<img decoding=\"async\" src=\"https:\/\/flexoffice.swiss\/wp-content\/uploads\/2022\/08\/flex-team-e1663253623889.jpeg\" alt=\"\" \/>                                            \n<a href=\"https:\/\/flexoffice.swiss\/fr\/abonnements\/flex-team\/\">\n\t\t\t\t\t\t\t\t\t\t\t<h3>Flex <em>Team<\/em><\/h3>\t\n<\/a>\n\t\t\t\t\t\t\t\t\t\t\n\t\t\t\t\t\t\t\t\t\t\t<p>Jusqu\u2019\u00e0 30 membres<\/p>\n        \t\t\t\t\t\t\t<\/div>\n        \t\t\t\t\t\t            \t\t\t\t\t<\/div>\n                            \n                                                \n        \t\t\t\t\t<div class=\"slide\">\n                            \n                                        \t\t\t\t\t\t\n        \t\t\t\t\t\t\t<div class=\"team-item\">\n        \t\t\t\t\t\t\t\t<img decoding=\"async\" src=\"https:\/\/flexoffice.swiss\/wp-content\/uploads\/2022\/08\/flex-corporate.jpeg\" alt=\"\" \/>                                            \n<a href=\"https:\/\/flexoffice.swiss\/fr\/abonnements\/flex-corporate\/\">\n\t\t\t\t\t\t\t\t\t\t\t<h3>Flex <em>Corporate<\/em><\/h3>\t\n<\/a>\n\t\t\t\t\t\t\t\t\t\t\n\t\t\t\t\t\t\t\t\t\t\t<p>Plus de 30 collaborateurs<\/p>\n        \t\t\t\t\t\t\t<\/div>\n        \t\t\t\t\t\t            \t\t\t\t\t<\/div>\n                            \n                            \n    \t\t\t\t<\/div>\t\n    \t\t\t<\/div>\t\n    \n    \t\t\t<div class=\"row justify-content-center d-none d-sm-flex\">\n                    \n                                        \n    \t\t\t\t\t<div class=\"col-sm-6 col-lg-4\">\n                        \n                                \t\t\t\t\t\t\n    \t\t\t\t\t\t\t<div class=\"team-item\">\n    \t\t\t\t\t\t\t\t<img decoding=\"async\" src=\"https:\/\/flexoffice.swiss\/wp-content\/uploads\/2022\/08\/flex-solo.jpeg\" alt=\"\" \/>                                            \n<a href=\"https:\/\/flexoffice.swiss\/fr\/abonnements\/flex-solo\/\">\n\t\t\t\t\t\t\t\t\t\t\t<h3>Flex <em>Solo<\/em><\/h3>\t\n<\/a>\n\t\t\t\t\t\t\t\t\t\t\n\t\t\t\t\t\t\t\t\t\t\t<p>Poste de travail individuel<\/p>\n    \t\t\t\t\t\t\t<\/div>\n    \t\t\t\t\t\t        \t\t\t\t\t<\/div>\n                        \n                                        \n    \t\t\t\t\t<div class=\"col-sm-6 col-lg-4\">\n                        \n                                \t\t\t\t\t\t\n    \t\t\t\t\t\t\t<div class=\"team-item\">\n    \t\t\t\t\t\t\t\t<img decoding=\"async\" src=\"https:\/\/flexoffice.swiss\/wp-content\/uploads\/2022\/08\/flex-team-e1663253623889.jpeg\" alt=\"\" \/>                                            \n<a href=\"https:\/\/flexoffice.swiss\/fr\/abonnements\/flex-team\/\">\n\t\t\t\t\t\t\t\t\t\t\t<h3>Flex <em>Team<\/em><\/h3>\t\n<\/a>\n\t\t\t\t\t\t\t\t\t\t\n\t\t\t\t\t\t\t\t\t\t\t<p>Jusqu\u2019\u00e0 30 membres<\/p>\n    \t\t\t\t\t\t\t<\/div>\n    \t\t\t\t\t\t        \t\t\t\t\t<\/div>\n                        \n                                        \n    \t\t\t\t\t<div class=\"col-sm-6 col-lg-4\">\n                        \n                                \t\t\t\t\t\t\n    \t\t\t\t\t\t\t<div class=\"team-item\">\n    \t\t\t\t\t\t\t\t<img decoding=\"async\" src=\"https:\/\/flexoffice.swiss\/wp-content\/uploads\/2022\/08\/flex-corporate.jpeg\" alt=\"\" \/>                                            \n<a href=\"https:\/\/flexoffice.swiss\/fr\/abonnements\/flex-corporate\/\">\n\t\t\t\t\t\t\t\t\t\t\t<h3>Flex <em>Corporate<\/em><\/h3>\t\n<\/a>\n\t\t\t\t\t\t\t\t\t\t\n\t\t\t\t\t\t\t\t\t\t\t<p>Plus de 30 collaborateurs<\/p>\n    \t\t\t\t\t\t\t<\/div>\n    \t\t\t\t\t\t        \t\t\t\t\t<\/div>\n                        \n                                        \n    \t\t\t<\/div>\n            \n                        \n\t\t<\/div>\n\t<\/div>\n    <\/div>\n\n\n      <div id=\"block_fa022d55707ed8f8bb97f57067428c6d\" class=\"block-membership  l-block\" >\n  \n  <div class=\"membership space\">\n\n            <div class=\"container pb-5\">\n            <div class=\"row align-items-end\">\n                <div class=\"col-md-8 col-lg-7\">\n                    <h2 class=\"h1 mb-3\">Un abonnement tout-en-un<\/h2><p>Avec FlexOffice, c&rsquo;est toi qui es aux commandes. Un prix tout compris pour chaque abonnement. Pas de frais cach\u00e9s, pas de contrats de location \u00e0 long terme. Nous sommes l\u00e0 pour te faciliter la vie.<\/p>\n                <\/div>\n\n                <div class=\"col-md-4 col-lg-5 text-md-end mt-4 mt-md-0\">\n                                    <\/div>\n            <\/div>\n        <\/div>\n    \n        <hr \/>\n<\/div>\n\n    <div class=\"gallery space\">\n        <div class=\"container\">\n\n<!--                             <div class=\"row align-items-end mb-5\">\n                    <div class=\"col-lg-8\">\n                        <h2 class=\"h1 mb-3\">Un abonnement tout-en-un<\/h2><p>Avec FlexOffice, c'est toi qui es aux commandes. Un prix tout compris pour chaque abonnement. Pas de frais cach\u00e9s, pas de contrats de location \u00e0 long terme. Nous sommes l\u00e0 pour te faciliter la vie.<\/p>\n                    <\/div>\n                <\/div>\n             -->\n\n            <div class=\"row\">                    <div class=\"col-6 col-md-4 col-lg-3\">\n                        <div class=\"gallery-item\">\n                            <div class=\"gallery-item-img\"><img decoding=\"async\" src=\"https:\/\/flexoffice.swiss\/wp-content\/uploads\/2022\/08\/furnished-workspaces-Kopie-1.jpeg\" alt=\"\" \/><\/div><em>Espaces de travail meubl\u00e9s<\/em>                        <\/div>\n                    <\/div>\n                                        <div class=\"col-6 col-md-4 col-lg-3\">\n                        <div class=\"gallery-item\">\n                            <div class=\"gallery-item-img\"><img decoding=\"async\" src=\"https:\/\/flexoffice.swiss\/wp-content\/uploads\/2022\/08\/state-of-the-art-meetingrooms.jpg\" alt=\"\" \/><\/div><em>Salles de r\u00e9union haut de gamme<\/em>                        <\/div>\n                    <\/div>\n                                        <div class=\"col-6 col-md-4 col-lg-3\">\n                        <div class=\"gallery-item\">\n                            <div class=\"gallery-item-img\"><img decoding=\"async\" src=\"https:\/\/flexoffice.swiss\/wp-content\/uploads\/2022\/08\/welcome-desk.jpg\" alt=\"\" \/><\/div><em>R\u00e9ception<\/em>                        <\/div>\n                    <\/div>\n                                        <div class=\"col-6 col-md-4 col-lg-3\">\n                        <div class=\"gallery-item\">\n                            <div class=\"gallery-item-img\"><img decoding=\"async\" src=\"https:\/\/flexoffice.swiss\/wp-content\/uploads\/2022\/08\/premium-amenities.jpg\" alt=\"\" \/><\/div><em>\u00c9quipement premium<\/em>                        <\/div>\n                    <\/div>\n                                        <div class=\"col-6 col-md-4 col-lg-3\">\n                        <div class=\"gallery-item\">\n                            <div class=\"gallery-item-img\"><img decoding=\"async\" src=\"https:\/\/flexoffice.swiss\/wp-content\/uploads\/2022\/08\/barista-coffee.jpeg\" alt=\"\" \/><\/div><em>Caf\u00e9 haut de gamme<\/em>                        <\/div>\n                    <\/div>\n                                        <div class=\"col-6 col-md-4 col-lg-3\">\n                        <div class=\"gallery-item\">\n                            <div class=\"gallery-item-img\"><img decoding=\"async\" src=\"https:\/\/flexoffice.swiss\/wp-content\/uploads\/2022\/08\/FlexOffice_OnLabs_Mood_Community_01-1.jpeg\" alt=\"Arbeitsplatz der Zukunft mieten: entdecke unsere Mitgliedschaften\n\" \/><\/div><em>Communaut\u00e9 dynamique<\/em>                        <\/div>\n                    <\/div>\n                                        <div class=\"col-6 col-md-4 col-lg-3\">\n                        <div class=\"gallery-item\">\n                            <div class=\"gallery-item-img\"><img decoding=\"async\" src=\"https:\/\/flexoffice.swiss\/wp-content\/uploads\/2022\/08\/networking-Kopie.jpg\" alt=\"\" \/><\/div><em>\u00c9v\u00e9nements de networking<\/em>                        <\/div>\n                    <\/div>\n                                        <div class=\"col-6 col-md-4 col-lg-3\">\n                        <div class=\"gallery-item\">\n                            <div class=\"gallery-item-img\"><img decoding=\"async\" src=\"https:\/\/flexoffice.swiss\/wp-content\/uploads\/2022\/09\/memberapp-mary.jpg\" alt=\"\" \/><\/div><em>Application d\u00e9di\u00e9e aux membres<\/em>                        <\/div>\n                    <\/div>\n                                        <div class=\"col-6 col-md-4 col-lg-3\">\n                        <div class=\"gallery-item\">\n                            <div class=\"gallery-item-img\"><img decoding=\"async\" src=\"https:\/\/flexoffice.swiss\/wp-content\/uploads\/2022\/08\/member-benefits.jpg\" alt=\"\" \/><\/div><em>Avantages r\u00e9serv\u00e9s aux membres<\/em>                        <\/div>\n                    <\/div>\n                                        <div class=\"col-6 col-md-4 col-lg-3\">\n                        <div class=\"gallery-item\">\n                            <div class=\"gallery-item-img\"><img decoding=\"async\" src=\"https:\/\/flexoffice.swiss\/wp-content\/uploads\/2022\/08\/flexoffice-max.jpg\" alt=\"\" \/><\/div><em>Location managers sympathiques<\/em>                        <\/div>\n                    <\/div>\n                                        <div class=\"col-6 col-md-4 col-lg-3\">\n                        <div class=\"gallery-item\">\n                            <div class=\"gallery-item-img\"><img decoding=\"async\" src=\"https:\/\/flexoffice.swiss\/wp-content\/uploads\/2022\/08\/swisswide-access.jpg\" alt=\"\" \/><\/div><em>Acc\u00e8s \u00e0 tous les emplacements de Suisse<\/em>                        <\/div>\n                    <\/div>\n                                        <div class=\"col-6 col-md-4 col-lg-3\">\n                        <div class=\"gallery-item\">\n                            <div class=\"gallery-item-img\"><img decoding=\"async\" src=\"https:\/\/flexoffice.swiss\/wp-content\/uploads\/2022\/08\/BSMT_22nd_floor_Lounge-2696-Kopie.jpg\" alt=\"\" \/><\/div><em>Cuisine collective toute \u00e9quip\u00e9e<\/em>                        <\/div>\n                    <\/div>\n                    <\/div>        <\/div>\n    <\/div>\n    <\/div>\n\n\n      <div id=\"block_daa8780124c54c2cedcf5c9e088eca7d\" class=\"block-membership  l-block\" >\n  \n      <div class=\"how-it-works bg_brown-lite space\" id=\"hiw\">\n\n        \n            <div class=\"container pb-5\">\n                <div class=\"row align-items-end\">\n                    <div class=\"col-lg-8\">\n\n                        <h2 class=\"mb-3 h1\">Comment \u00e7a marche<\/h2><p><p>En devenant membre, tu auras acc\u00e8s \u00e0 tous nos services et \u00e0 tous nos espaces en Suisse. Avant de t&rsquo;inscrire, tu peux r\u00e9server une visite gratuite dans l&rsquo;un de nos espaces. Si tu es convaincu, tu peux choisir un abonnement en fonction de la taille de ton \u00e9quipe.<\/p>\n<\/p>\n                    <\/div>\n                <\/div>\n            <\/div>\n\n        \n                        <div class=\"container\">\n                    <div class=\"row\">\n                        <div class=\"col-lg-4\">\n                            <h3 class=\"mb-3 h1\">1.<\/h3><div class=\"highlight\">S\u00e9lectionne un emplacement<\/div>                        <\/div>\n\n                        <div class=\"mt-4 col-10 col-lg-8 mt-lg-0\">\n                            <p>S\u00e9lectionne le lieu que tu souhaites visiter.<\/p><ul class=\"mt-4\">\n                                                                                    <li>\n                                                <div class=\"cbox\">\n                                                    <input type=\"radio\" name=\"select-location\" onClick=\"document.getElementById('input_12_6').value='Basel Barf\u00fcsserplatz'\">\n                                                    <label>Basel Barf\u00fcsserplatz<\/label>\n                                                <\/div>\n                                            <\/li>\n                                        \n                            \n                                                                                    <li>\n                                                <div class=\"cbox\">\n                                                    <input type=\"radio\" name=\"select-location\" onClick=\"document.getElementById('input_12_6').value='Basel Messeturm'\">\n                                                    <label>Basel Messeturm<\/label>\n                                                <\/div>\n                                            <\/li>\n                                        \n                            \n                                                                                    <li>\n                                                <div class=\"cbox\">\n                                                    <input type=\"radio\" name=\"select-location\" onClick=\"document.getElementById('input_12_6').value='Bern Genfergasse'\">\n                                                    <label>Bern Genfergasse<\/label>\n                                                <\/div>\n                                            <\/li>\n                                        \n                            \n                                                                                    <li>\n                                                <div class=\"cbox\">\n                                                    <input type=\"radio\" name=\"select-location\" onClick=\"document.getElementById('input_12_6').value='Gen\u00e8ve Patio Plaza'\">\n                                                    <label>Gen\u00e8ve Patio Plaza<\/label>\n                                                <\/div>\n                                            <\/li>\n                                        \n                            \n                                                                                    <li>\n                                                <div class=\"cbox\">\n                                                    <input type=\"radio\" name=\"select-location\" onClick=\"document.getElementById('input_12_6').value='Bern Murifeld'\">\n                                                    <label>Bern Murifeld<\/label>\n                                                <\/div>\n                                            <\/li>\n                                        \n                            \n                                                                                    <li>\n                                                <div class=\"cbox\">\n                                                    <input type=\"radio\" name=\"select-location\" onClick=\"document.getElementById('input_12_6').value='Zurich Bahnhofstrasse'\">\n                                                    <label>Zurich Bahnhofstrasse<\/label>\n                                                <\/div>\n                                            <\/li>\n                                        \n                            \n                                                                                    <li>\n                                                <div class=\"cbox\">\n                                                    <input type=\"radio\" name=\"select-location\" onClick=\"document.getElementById('input_12_6').value='Zurich L\u00f6wenstrasse'\">\n                                                    <label>Zurich L\u00f6wenstrasse<\/label>\n                                                <\/div>\n                                            <\/li>\n                                        \n                            \n                                                                                    <li>\n                                                <div class=\"cbox\">\n                                                    <input type=\"radio\" name=\"select-location\" onClick=\"document.getElementById('input_12_6').value='Zurich On Labs'\">\n                                                    <label>Zurich On Labs<\/label>\n                                                <\/div>\n                                            <\/li>\n                                        \n                            \n                                                                                    <li>\n                                                <div class=\"cbox\">\n                                                    <input type=\"radio\" name=\"select-location\" onClick=\"document.getElementById('input_12_6').value='Zurich Prime Tower'\">\n                                                    <label>Zurich Prime Tower<\/label>\n                                                <\/div>\n                                            <\/li>\n                                        \n                            \n                                                                                    <li>\n                                                <div class=\"cbox\">\n                                                    <input type=\"radio\" name=\"select-location\" onClick=\"document.getElementById('input_12_6').value='Zurich Dino'\">\n                                                    <label>Zurich Dino<\/label>\n                                                <\/div>\n                                            <\/li>\n                                        \n                            \n                                                                                    <li>\n                                                <div class=\"cbox\">\n                                                    <input type=\"radio\" name=\"select-location\" onClick=\"document.getElementById('input_12_6').value='Zurich Schlieren JED'\">\n                                                    <label>Zurich Schlieren JED<\/label>\n                                                <\/div>\n                                            <\/li>\n                                        \n                            \n                                                                                    <li>\n                                                <div class=\"cbox\">\n                                                    <input type=\"radio\" name=\"select-location\" onClick=\"document.getElementById('input_12_6').value='Zurich Paradeplatz'\">\n                                                    <label>Zurich Paradeplatz<\/label>\n                                                <\/div>\n                                            <\/li>\n                                        \n                            <\/ul>                        <\/div>\n                    <\/div>\n                <\/div>\n        <hr class=\"my-4\" \/>                <div class=\"container\">\n                    <div class=\"row\">\n                        <div class=\"col-lg-4\">\n                            <h3 class=\"mb-3 h1\">2.<\/h3><div class=\"highlight\">Choisis ton <br>abonnement<\/div>                        <\/div>\n\n                        <div class=\"mt-4 col-10 col-lg-8 mt-lg-0\">\n                            <p>Choisis un espace de travail qui correspond \u00e0 tes besoins.<\/p><div class=\"mt-4 row size-cbox\">                                    <div class=\"mb-5 col-sm-4 mb-sm-0\">\n                                        <img decoding=\"async\" src=\"https:\/\/flexoffice.swiss\/wp-content\/uploads\/2022\/08\/flex-solo.jpeg\" alt=\"\" \/>                                            <ul class=\"mt-3\">\n                                                <li>\n                                                    <div class=\"cbox\">\n                                                        <input type=\"radio\" name=\"select-size\">\n                                                        <label>Flex Solo <br>Poste de travail individuel<\/label>\n                                                    <\/div>\n                                                <\/li>\n                                            <\/ul>\n                                                                            <\/div>\n                                                                        <div class=\"mb-5 col-sm-4 mb-sm-0\">\n                                        <img decoding=\"async\" src=\"https:\/\/flexoffice.swiss\/wp-content\/uploads\/2022\/08\/flex-team-e1663253623889.jpeg\" alt=\"\" \/>                                            <ul class=\"mt-3\">\n                                                <li>\n                                                    <div class=\"cbox\">\n                                                        <input type=\"radio\" name=\"select-size\">\n                                                        <label>Flex Team <br>Jusqu&rsquo;\u00e0 30 membres<\/label>\n                                                    <\/div>\n                                                <\/li>\n                                            <\/ul>\n                                                                            <\/div>\n                                                                        <div class=\"mb-5 col-sm-4 mb-sm-0\">\n                                        <img decoding=\"async\" src=\"https:\/\/flexoffice.swiss\/wp-content\/uploads\/2022\/08\/flex-corporate.jpeg\" alt=\"\" \/>                                            <ul class=\"mt-3\">\n                                                <li>\n                                                    <div class=\"cbox\">\n                                                        <input type=\"radio\" name=\"select-size\">\n                                                        <label>Flex Corporate <br>Plus de 30 membres<\/label>\n                                                    <\/div>\n                                                <\/li>\n                                            <\/ul>\n                                                                            <\/div>\n                                    <\/div>                        <\/div>\n                    <\/div>\n                <\/div>\n        <hr class=\"my-4\" \/>                <div class=\"container\">\n                    <div class=\"row\">\n                        <div class=\"col-lg-4\">\n                            <h3 class=\"mb-3 h1\">3.<\/h3><div class=\"highlight\">C&rsquo;est parti<\/div>                        <\/div>\n\n                        <div class=\"mt-4 col-10 col-lg-8 mt-lg-0\">\n                            <p>Nous t&rsquo;aidons \u00e0 mettre en place ton espace de travail.<\/p><a href=\"#book-tour\" class=\"mt-4 cta-btn\" target=\"\">Planifier une visite<\/a>                        <\/div>\n                    <\/div>\n                <\/div>\n            <\/div>\n    <\/div>\n\n\n      <div id=\"block_91c3286426aba87de0533c7bfc66a524\" class=\"block-cta  l-block\" >\n  \n  \n\t<div class=\"testimonials bg_blue space d-none d-sm-block\">\n\n        \n    \t<div class=\"container pb-5\">\n    \t\t<div class=\"row align-items-end\">\n    \t\t\t<div class=\"col-lg-7\">\n                    <h2 class=\"h1 mb-3\">Ce que disent nos membres<\/h2><p>D\u00e9couvre ce que nos membres actuels ont \u00e0 dire sur leur exp\u00e9rience chez FlexOffice<\/p>\n    \t\t\t<\/div>\n    \t\t<\/div>\t\t\t\t\n    \t<\/div>\n    \n        <div class=\"testimonial-carousel\">                    <div class=\"slide\">\n            \t\t\t<div class=\"item\">\n                            <p>\u00abFlexOffice nous aide \u00e0 r\u00e9pondre de mani\u00e8re flexible \u00e0 notre besoin d\u2019espaces et de concepts diff\u00e9rents et permet \u00e0 nos collaborateurs de se rencontrer, d\u2019\u00e9changer et de d\u00e9velopper de nouvelles id\u00e9es, ce qui est essentiel pour nous\u00bb.<br \/>\n \u00abLa proactivit\u00e9 de Dennis et son agilit\u00e9 pour trouver des solutions ont jou\u00e9 un r\u00f4le central dans ce processus. De l\u2019offre \u00e0 l\u2019emm\u00e9nagement dans les bureaux, en passant par l\u2019accompagnement dans le processus de d\u00e9cision, FlexOffice a pens\u00e9 \u00e0 tout, ce qui s\u2019est av\u00e9r\u00e9 tr\u00e8s utile. Un grand merci \u00e0 toute l\u2019\u00e9quipe XO!\u00bb<\/p>\n<cite><span>Remo Wermelinger<\/span>Accenture Song<\/cite>            \t\t\t<\/div>\n            \t\t<\/div>\n                                        <div class=\"slide\">\n            \t\t\t<div class=\"item\">\n                            <p>\u00abAvoir l&rsquo;opportunit\u00e9 de rencontrer diff\u00e9rentes personnes et entreprises issues d&rsquo;un large \u00e9ventail d&rsquo;industries et de milieux culturels a \u00e9largi nos horizons et suscit\u00e9 de nouvelles id\u00e9es.\u00bb<\/p>\n<cite><span>Ivan Krattiger<\/span>BLKB<\/cite>            \t\t\t<\/div>\n            \t\t<\/div>\n                                        <div class=\"slide\">\n            \t\t\t<div class=\"item\">\n                            <p>\u00abFlexOffice offre un environnement de travail parfait : une architecture inspirante, des \u00e9quipements \u00e0 la pointe de la technologie, des gens passionnants et, surtout, une excellente machine \u00e0 caf\u00e9!\u00bb<\/p>\n<cite><span>Balz St\u00fcckelberger<\/span>Arbeitgeber Banken<\/cite>            \t\t\t<\/div>\n            \t\t<\/div>\n                                        <div class=\"slide\">\n            \t\t\t<div class=\"item\">\n                            <p>\u00ab FlexOffice est une solution id\u00e9ale pour notre jeune entreprise. Des salles de r\u00e9union \u00e9quip\u00e9es de mani\u00e8re professionnelle dans divers endroits de la Suisse lorsque nous en avons besoin et un personnel serviable \u00e0 tout moment pour accueillir les visiteurs et offrir un soutien. Top!\u00a0\u00bb<\/p>\n<cite><span>Dr. Marco Pickel<\/span>Space Pharmaceuticals AG <\/cite>            \t\t\t<\/div>\n            \t\t<\/div>\n                                        <div class=\"slide\">\n            \t\t\t<div class=\"item\">\n                            <p>\u00abFlexOffice offre l&rsquo;\u00e9quilibre parfait entre des espaces de bureaux personnels et des espaces partag\u00e9s flexibles am\u00e9nag\u00e9s avec go\u00fbt. Nous nous sommes sentis les bienvenus d\u00e8s notre arriv\u00e9e.\u00bb<\/p>\n<cite><span>Hasan Tekin<\/span>Q_PERIOR<\/cite>            \t\t\t<\/div>\n            \t\t<\/div>\n                                        <div class=\"slide\">\n            \t\t\t<div class=\"item\">\n                            <p>\u00abNous nous sentons tr\u00e8s bien chez FlexOffice, notamment pour les raisons suivantes: l\u2019excellente localisation, l\u2019infrastructure des bureaux et les locaux spacieux et modernes.<br \/>\nMais aussi pour l\u2019accueil et le service extr\u00eamement chaleureux, efficaces et simples.\u00bb<\/p>\n<cite><span>Christian Leger<\/span>Nuveen<\/cite>            \t\t\t<\/div>\n            \t\t<\/div>\n                                        <div class=\"slide\">\n            \t\t\t<div class=\"item\">\n                            <p>\u00abFlexOffice nous donne la capacit\u00e9 d\u2019avoir plus ou moins d\u2019espace en fonction de nos besoins. Il n\u2019y a rien \u00e0 redire sur le prix, et l\u2019endroit est parfait. Sur le plan op\u00e9rationnel, cela simplifie aussi beaucoup de choses pour nous. Et bien s\u00fbr, c\u2019est toujours agr\u00e9able d\u2019\u00eatre au milieu de personnes passionnantes et inspirantes. On peut vraiment ressentir l\u2019\u00e9nergie des gens qui font bouger les choses.\u00bb<\/p>\n<cite><span>Clara Rowe<\/span>Restor<\/cite>            \t\t\t<\/div>\n            \t\t<\/div>\n                                        <div class=\"slide\">\n            \t\t\t<div class=\"item\">\n                            <p>\u00abFlexOffice est synonyme de son nom : qu&rsquo;il s&rsquo;agisse d&rsquo;un travail silencieux et concentr\u00e9 dans notre propre espace d&rsquo;\u00e9quipe ou d&rsquo;un \u00e9change inspirant avec d&rsquo;autres membres au caf\u00e9 &#8211; je peux choisir mon lieu de travail de mani\u00e8re flexible et d\u00e9couvrir des environnements de travail compl\u00e8tement diff\u00e9rents.\u00bb<\/p>\n<cite><span>Anke Panzner<\/span>Estin &#038; Co.<\/cite>            \t\t\t<\/div>\n            \t\t<\/div>\n                                        <div class=\"slide\">\n            \t\t\t<div class=\"item\">\n                            <p>\u00abFlexOffice garde toujours \u00e0 l\u2019esprit nos int\u00e9r\u00eats, nos besoins de croissance et nos objectifs. Les location managers apportent aussi enti\u00e8re satisfaction \u00e0 notre \u00e9quipe, notamment gr\u00e2ce \u00e0 leur disponibilit\u00e9 absolue, quel que soit le sujet\u00bb.<\/p>\n<cite><span>Aloys Van de vreken<\/span>Ledgy<\/cite>            \t\t\t<\/div>\n            \t\t<\/div>\n                    <\/div><\/div>\n<\/div>\n\n\n      <div id=\"block_d382a46d1cac5a4656ff31702ba2d0f9\" class=\"block-membership  l-block\" >\n  \n      \n    <div class=\"faq space\">\n    \t<div class=\"container\">\n            <h2 class=\"h1 mb-3\">FAQ<\/h2><div class=\"acc my-5\"><div class=\"acc__card\"><div class=\"acc__title\">Qu&rsquo;est-ce qui est inclus dans le prix de votre adh\u00e9sion? <span><\/span><\/div><div class=\"acc__panel\"><p>Nos services FlexOffice tout compris, notre philosophie sans tracas et la capacit\u00e9 de se sentir chez soi au travail. D\u00e9couvre toutes nos options d&rsquo;adh\u00e9sion en d\u00e9tail <a href=\"https:\/\/flexoffice.swiss\/fr\/abonnements\/\">ici<\/a>.<\/p>\n<\/div><\/div><div class=\"acc__card\"><div class=\"acc__title\">Quelle est la dur\u00e9e d&rsquo;une adh\u00e9sion? <span><\/span><\/div><div class=\"acc__panel\"><p>Nos abonnements vont de 1 \u00e0 6 mois, en fonction de tes besoins. D\u00e9couvre-en davantage sur <a href=\"https:\/\/flexoffice.swiss\/fr\/abonnements\/\">nos abonnements<\/a> ou <a href=\"https:\/\/flexoffice.swiss\/fr\/contact\/\">contacte-nous<\/a> pour conna\u00eetre les d\u00e9tails relatifs \u00e0 chaque abonnement.<\/p>\n<\/div><\/div><div class=\"acc__card\"><div class=\"acc__title\">Vos espaces de travail sont-ils disponible imm\u00e9diatement? <span><\/span><\/div><div class=\"acc__panel\"><p>Oui, nous proposons des espaces de travail cl\u00e9 en main. Merci de nous <a href=\"https:\/\/flexoffice.swiss\/fr\/contact\/\">contacter<\/a> si vous \u00eates int\u00e9ress\u00e9 par un <a href=\"https:\/\/flexoffice.swiss\/fr\/emplacements\/\">lieu<\/a> ou une taille en particulier. Tu peux \u00e9galement <a href=\"#book-tour\">planifier une visite<\/a>.<\/p>\n<\/div><\/div><div class=\"acc__card\"><div class=\"acc__title\">Pouvons-nous personnaliser l&rsquo;espace de travail en fonction de l&rsquo;image de notre entreprise? <span><\/span><\/div><div class=\"acc__panel\"><p>Absolument, nous voulons que vous vous sentiez comme si vous \u00e9tiez dans votre propre bureau. Nos experts internes (architectes d\u2019int\u00e9rieur, consultants en milieu de travail et agences de branding) seront ravis de vous aider \u00e0 personnaliser votre espace. Appelez-nous ou passez prendre un caf\u00e9 pour que nous puissions en discuter!<\/p>\n<\/div><\/div><div class=\"acc__card\"><div class=\"acc__title\">Puis-je b\u00e9n\u00e9ficier d&rsquo;autres espaces de travail en devenant membre? <span><\/span><\/div><div class=\"acc__panel\"><p>Oui, vous pouvez acc\u00e9der \u00e0 tous les bureaux FlexOffice en Suisse. Si vous souhaitez utiliser nos salles de r\u00e9union, n\u2019h\u00e9sitez pas \u00e0 r\u00e9server via le portail et\/ou l&rsquo;application d\u00e9di\u00e9s aux membres.<\/p>\n<\/div><\/div><\/div><a href=\"https:\/\/flexoffice.swiss\/fr\/faq\/\" class=\"cta-btn cta-btn-icon\" target=\"\">Plus de r\u00e9ponses <svg width=\"23\" height=\"16\" viewBox=\"0 0 23 16\" fill=\"none\" xmlns=\"http:\/\/www.w3.org\/2000\/svg\"><path d=\"M0 8H21.5M21.5 8L15 1M21.5 8L15 15\" stroke=\"black\"\/><\/svg><\/a>    \t<\/div>\n    <\/div>\n    \n    <\/div>\n\n\n      <div id=\"block_8074874592bcc997f9e16ad682e9f098\" class=\"block-location  l-block\" >\n  \n      <div class=\"offices space bg_primary-light\">\n        <div class=\"container\">\n            <div class=\"row align-items-center mb-5\">\n                <div class=\"col-md-6 col-lg-7\">\n                    <h2 class=\"h1\">Les Workspaces FlexOffice<\/h2>                <\/div>\n                <div class=\"col-md-6 col-lg-5 text-md-center mt-4 mt-md-0\">\n                    <div class=\"btns-group\">\n                        <a href=\"#book-tour\" class=\"cta-btn\" target=\"\">Planifier une visite<\/a> <a href=\"#contact\" class=\"cta-btn cta-btn-white\" target=\"\">Contacte-moi<\/a>                    <\/div>\n                <\/div>\n            <\/div>\n\n            <div class=\"container d-lg-none\">\n                <div class=\"locations-carousel\">\n                                                <div class=\"slide\">\n                                <a href=\"https:\/\/flexoffice.swiss\/fr\/location\/jed\/\">\n                                    <div class=\"location-item\">\n                                        <img decoding=\"async\" src=\"https:\/\/flexoffice.swiss\/wp-content\/uploads\/Flexoffice-jed-lounge-800x800-1-340x340.jpg\" alt=\"\"\/><span><em>Zurich<\/em> JED<\/span>                                    <\/div>\n                                <\/a>\n                            <\/div>\n                                                        <div class=\"slide\">\n                                <a href=\"https:\/\/flexoffice.swiss\/fr\/location\/messeturm\/\">\n                                    <div class=\"location-item\">\n                                        <img decoding=\"async\" src=\"https:\/\/flexoffice.swiss\/wp-content\/uploads\/2022\/08\/location-bsmt-bearb-340x340.jpg\" alt=\"Unser innovativer Workspace in Basel: FlexOffice Basel Messeturm\"\/><span><em>B\u00e2le<\/em> Messeturm<\/span>                                    <\/div>\n                                <\/a>\n                            <\/div>\n                                                        <div class=\"slide\">\n                                <a href=\"https:\/\/flexoffice.swiss\/fr\/location\/loewenstrasse\/\">\n                                    <div class=\"location-item\">\n                                        <img decoding=\"async\" src=\"https:\/\/flexoffice.swiss\/wp-content\/uploads\/Flexoffice-Zurich-Loewenstrasse-Lounge-800x800-1-340x340.jpg\" alt=\"\"\/><span><em>Zurich<\/em> L\u00f6wenstrasse<\/span>                                    <\/div>\n                                <\/a>\n                            <\/div>\n                                            <\/div>\n            <\/div>\n\n            <div class=\"row d-none d-lg-flex\">\n                                        <div class=\"col-md-4\">\n                            <a href=\"https:\/\/flexoffice.swiss\/fr\/location\/jed\/\">\n                                <div class=\"location-item\">\n                                    <img decoding=\"async\" src=\"https:\/\/flexoffice.swiss\/wp-content\/uploads\/Flexoffice-jed-lounge-800x800-1-340x340.jpg\" alt=\"\"\/><span><em>Zurich<\/em> JED<\/span>                                <\/div>\n                            <\/a>\n                        <\/div>\n                                                <div class=\"col-md-4\">\n                            <a href=\"https:\/\/flexoffice.swiss\/fr\/location\/messeturm\/\">\n                                <div class=\"location-item\">\n                                    <img decoding=\"async\" src=\"https:\/\/flexoffice.swiss\/wp-content\/uploads\/2022\/08\/location-bsmt-bearb-340x340.jpg\" alt=\"Unser innovativer Workspace in Basel: FlexOffice Basel Messeturm\"\/><span><em>B\u00e2le<\/em> Messeturm<\/span>                                <\/div>\n                            <\/a>\n                        <\/div>\n                                                <div class=\"col-md-4\">\n                            <a href=\"https:\/\/flexoffice.swiss\/fr\/location\/loewenstrasse\/\">\n                                <div class=\"location-item\">\n                                    <img decoding=\"async\" src=\"https:\/\/flexoffice.swiss\/wp-content\/uploads\/Flexoffice-Zurich-Loewenstrasse-Lounge-800x800-1-340x340.jpg\" alt=\"\"\/><span><em>Zurich<\/em> L\u00f6wenstrasse<\/span>                                <\/div>\n                            <\/a>\n                        <\/div>\n                                    <\/div>\n        <\/div>\n    <\/div>\n    <\/div>","protected":false},"excerpt":{"rendered":"","protected":false},"author":6,"featured_media":5010,"parent":0,"menu_order":0,"comment_status":"closed","ping_status":"closed","template":"","meta":{"_acf_changed":false,"footnotes":""},"class_list":["post-7122","page","type-page","status-publish","has-post-thumbnail",""],"acf":[],"_links":{"self":[{"href":"https:\/\/flexoffice.swiss\/fr\/wp-json\/wp\/v2\/pages\/7122","targetHints":{"allow":["GET"]}}],"collection":[{"href":"https:\/\/flexoffice.swiss\/fr\/wp-json\/wp\/v2\/pages"}],"about":[{"href":"https:\/\/flexoffice.swiss\/fr\/wp-json\/wp\/v2\/types\/page"}],"author":[{"embeddable":true,"href":"https:\/\/flexoffice.swiss\/fr\/wp-json\/wp\/v2\/users\/6"}],"replies":[{"embeddable":true,"href":"https:\/\/flexoffice.swiss\/fr\/wp-json\/wp\/v2\/comments?post=7122"}],"version-history":[{"count":64,"href":"https:\/\/flexoffice.swiss\/fr\/wp-json\/wp\/v2\/pages\/7122\/revisions"}],"predecessor-version":[{"id":14766,"href":"https:\/\/flexoffice.swiss\/fr\/wp-json\/wp\/v2\/pages\/7122\/revisions\/14766"}],"wp:featuredmedia":[{"embeddable":true,"href":"https:\/\/flexoffice.swiss\/fr\/wp-json\/wp\/v2\/media\/5010"}],"wp:attachment":[{"href":"https:\/\/flexoffice.swiss\/fr\/wp-json\/wp\/v2\/media?parent=7122"}],"curies":[{"name":"wp","href":"https:\/\/api.w.org\/{rel}","templated":true}]}}